{"id":7910,"date":"2026-08-31T09:11:24","date_gmt":"2026-08-31T07:11:24","guid":{"rendered":"https:\/\/scdpbaneasa.ro\/?post_type=product&#038;p=7910"},"modified":"2026-08-31T09:11:24","modified_gmt":"2026-08-31T07:11:24","slug":"cires-ludovic","status":"publish","type":"product","link":"https:\/\/scdpbaneasa.ro\/en\/product\/cires-ludovic\/","title":{"rendered":"Cire\u0219 Ludovic"},"content":{"rendered":"<table style=\"height: 648px;\" width=\"428\">\n<tbody>\n<tr>\n<td><b><i>Origine<\/i><\/b><\/td>\n<td><span style=\"font-weight: 400;\">SCDP B\u0103neasa (SCDP Ia\u0219i, omologat \u00een 2010)<\/span><\/td>\n<\/tr>\n<tr>\n<td><b><i>Pom<\/i><\/b><\/td>\n<td><span style=\"font-weight: 400;\">Vigoare mijlocie, cu \u00eenflorire medie<\/span><\/td>\n<\/tr>\n<tr>\n<td><b><i>Greutate<\/i><\/b><\/td>\n<td><span style=\"font-weight: 400;\">10,5\u201311,4 g\/fruct<\/span><\/td>\n<\/tr>\n<tr>\n<td><b><i>Fruct<\/i><\/b><\/td>\n<td><span style=\"font-weight: 400;\">Foarte mare, de calitate comercial\u0103 foarte bun\u0103, cu culoare ro\u0219u-\u00eenchis spre aproape negru la maturitatea deplin\u0103<\/span><\/td>\n<\/tr>\n<tr>\n<td><b><i>Forma<\/i><\/b><\/td>\n<td><span style=\"font-weight: 400;\">Reniform\u0103, turtit\u0103 dorsoventral, u\u0219or alungit\u0103 spre v\u00e2rf.<\/span><\/td>\n<\/tr>\n<tr>\n<td><b><i>Epicarp (coaj\u0103, pieli\u021b\u0103)<\/i><\/b><\/td>\n<td><span style=\"font-weight: 400;\">Ro\u0219u \u00eenchis, devenind aproape negru la maturitatea deplin\u0103; prezint\u0103 rezisten\u021b\u0103 bun\u0103 la cr\u0103pare<\/span><\/td>\n<\/tr>\n<tr>\n<td><b><i>Productivitate<\/i><\/b><\/td>\n<td><span style=\"font-weight: 400;\">Foarte bun\u0103, aproximativ 12\u201314 t\/ha<\/span><\/td>\n<\/tr>\n<tr>\n<td><b><i>Pulpa<\/i><\/b><\/td>\n<td><span style=\"font-weight: 400;\">Ro\u0219ie spre ro\u0219u-\u00eenchis, ferm\u0103 \u0219i crocant\u0103, cu suculen\u021b\u0103 medie; sucul este intens colorat. S\u00e2mburele este neaderent la pulp\u0103<\/span><\/td>\n<\/tr>\n<tr>\n<td><b><i>Gust<\/i><\/b><\/td>\n<td><span style=\"font-weight: 400;\">Foarte dulce, u\u0219or acidulat \u0219i aromat, cu arom\u0103 fin\u0103<\/span><\/td>\n<\/tr>\n<tr>\n<td><b><i>Epoca de maturare<\/i><\/b><\/td>\n<td><span style=\"font-weight: 400;\">Decada a II-a\u2013a III-a a lunii iunie. \u00cen catalogul oficial este \u00eencadrat la maturare VI\/2\u20133.<\/span><\/td>\n<\/tr>\n<tr>\n<td><b><i>Polenizatori<\/i><\/b><\/td>\n<td><span style=\"font-weight: 400;\">Este autosteril; are nevoie de soiuri compatibile pentru polenizare. \u00cen experien\u021bele de la Ia\u0219i au fost testate cu Ludovic soiuri precum Margo, Anda, Iosif, Andrei \u0219i Mihai.<\/span><\/td>\n<\/tr>\n<tr>\n<td><b><i>Aprecieri generale<\/i><\/b><\/td>\n<td><span style=\"font-weight: 400;\">Soi foarte valoros, remarcat prin fructele foarte mari, calitatea gustativ\u0103 ridicat\u0103, productivitatea bun\u0103 \u0219i rezisten\u021ba la cr\u0103pare. Prezint\u0103 rezisten\u021b\u0103 bun\u0103 la ger \u0219i secet\u0103 \u0219i rezisten\u021b\u0103 medie la monilioz\u0103, antracnoz\u0103 \u0219i d\u0103un\u0103tori.<\/span><\/td>\n<\/tr>\n<\/tbody>\n<\/table>","protected":false},"excerpt":{"rendered":"<table style=\"height: 711px;\" width=\"428\">\n<tbody>\n<tr>\n<td><b><i>Origine<\/i><\/b><\/td>\n<td><span style=\"font-weight: 400;\">SCDP B\u0103neasa (SCDP Ia\u0219i, omologat \u00een 2010)<\/span><\/td>\n<\/tr>\n<tr>\n<td><b><i>Pom<\/i><\/b><\/td>\n<td><span style=\"font-weight: 400;\">Vigoare mijlocie, cu \u00eenflorire medie<\/span><\/td>\n<\/tr>\n<tr>\n<td><b><i>Greutate<\/i><\/b><\/td>\n<td><span style=\"font-weight: 400;\">10,5\u201311,4 g\/fruct<\/span><\/td>\n<\/tr>\n<tr>\n<td><b><i>Fruct<\/i><\/b><\/td>\n<td><span style=\"font-weight: 400;\">Foarte mare, de calitate comercial\u0103 foarte bun\u0103, cu culoare ro\u0219u-\u00eenchis spre aproape negru la maturitatea deplin\u0103<\/span><\/td>\n<\/tr>\n<tr>\n<td><b><i>Forma<\/i><\/b><\/td>\n<td><span style=\"font-weight: 400;\">Reniform\u0103, turtit\u0103 dorsoventral, u\u0219or alungit\u0103 spre v\u00e2rf.<\/span><\/td>\n<\/tr>\n<tr>\n<td><b><i>Epicarp (coaj\u0103, pieli\u021b\u0103)<\/i><\/b><\/td>\n<td><span style=\"font-weight: 400;\">Ro\u0219u \u00eenchis, devenind aproape negru la maturitatea deplin\u0103; prezint\u0103 rezisten\u021b\u0103 bun\u0103 la cr\u0103pare<\/span><\/td>\n<\/tr>\n<tr>\n<td><b><i>Productivitate<\/i><\/b><\/td>\n<td><span style=\"font-weight: 400;\">Foarte bun\u0103, aproximativ 12\u201314 t\/ha<\/span><\/td>\n<\/tr>\n<tr>\n<td><b><i>Pulpa<\/i><\/b><\/td>\n<td><span style=\"font-weight: 400;\">Ro\u0219ie spre ro\u0219u-\u00eenchis, ferm\u0103 \u0219i crocant\u0103, cu suculen\u021b\u0103 medie; sucul este intens colorat. S\u00e2mburele este neaderent la pulp\u0103<\/span><\/td>\n<\/tr>\n<tr>\n<td><b><i>Gust<\/i><\/b><\/td>\n<td><span style=\"font-weight: 400;\">Foarte dulce, u\u0219or acidulat \u0219i aromat, cu arom\u0103 fin\u0103<\/span><\/td>\n<\/tr>\n<tr>\n<td><b><i>Epoca de maturare<\/i><\/b><\/td>\n<td><span style=\"font-weight: 400;\">Decada a II-a\u2013a III-a a lunii iunie. \u00cen catalogul oficial este \u00eencadrat la maturare VI\/2\u20133.<\/span><\/td>\n<\/tr>\n<tr>\n<td><b><i>Polenizatori<\/i><\/b><\/td>\n<td><span style=\"font-weight: 400;\">Este autosteril; are nevoie de soiuri compatibile pentru polenizare. \u00cen experien\u021bele de la Ia\u0219i au fost testate cu Ludovic soiuri precum Margo, Anda, Iosif, Andrei \u0219i Mihai.<\/span><\/td>\n<\/tr>\n<tr>\n<td><b><i>Aprecieri generale<\/i><\/b><\/td>\n<td><span style=\"font-weight: 400;\">Soi foarte valoros, remarcat prin fructele foarte mari, calitatea gustativ\u0103 ridicat\u0103, productivitatea bun\u0103 \u0219i rezisten\u021ba la cr\u0103pare. Prezint\u0103 rezisten\u021b\u0103 bun\u0103 la ger \u0219i secet\u0103 \u0219i rezisten\u021b\u0103 medie la monilioz\u0103, antracnoz\u0103 \u0219i d\u0103un\u0103tori.<\/span><\/td>\n<\/tr>\n<\/tbody>\n<\/table>","protected":false},"featured_media":7911,"comment_status":"open","ping_status":"closed","template":"","meta":[],"product_brand":[],"product_cat":[73,72],"product_tag":[],"class_list":["post-7910","product","type-product","status-publish","has-post-thumbnail","product_cat-cires","product_cat-1_pomifructiferi","first","instock","shipping-taxable","purchasable","product-type-simple"],"jetpack_sharing_enabled":true,"_links":{"self":[{"href":"https:\/\/scdpbaneasa.ro\/en\/wp-json\/wp\/v2\/product\/7910","targetHints":{"allow":["GET"]}}],"collection":[{"href":"https:\/\/scdpbaneasa.ro\/en\/wp-json\/wp\/v2\/product"}],"about":[{"href":"https:\/\/scdpbaneasa.ro\/en\/wp-json\/wp\/v2\/types\/product"}],"replies":[{"embeddable":true,"href":"https:\/\/scdpbaneasa.ro\/en\/wp-json\/wp\/v2\/comments?post=7910"}],"wp:featuredmedia":[{"embeddable":true,"href":"https:\/\/scdpbaneasa.ro\/en\/wp-json\/wp\/v2\/media\/7911"}],"wp:attachment":[{"href":"https:\/\/scdpbaneasa.ro\/en\/wp-json\/wp\/v2\/media?parent=7910"}],"wp:term":[{"taxonomy":"product_brand","embeddable":true,"href":"https:\/\/scdpbaneasa.ro\/en\/wp-json\/wp\/v2\/product_brand?post=7910"},{"taxonomy":"product_cat","embeddable":true,"href":"https:\/\/scdpbaneasa.ro\/en\/wp-json\/wp\/v2\/product_cat?post=7910"},{"taxonomy":"product_tag","embeddable":true,"href":"https:\/\/scdpbaneasa.ro\/en\/wp-json\/wp\/v2\/product_tag?post=7910"}],"curies":[{"name":"wp","href":"https:\/\/api.w.org\/{rel}","templated":true}]}}