{"id":7999,"date":"2026-09-01T16:36:07","date_gmt":"2026-09-01T14:36:07","guid":{"rendered":"https:\/\/scdpbaneasa.ro\/?post_type=product&#038;p=7999"},"modified":"2026-09-01T16:36:07","modified_gmt":"2026-09-01T14:36:07","slug":"visin-ilva","status":"publish","type":"product","link":"https:\/\/scdpbaneasa.ro\/en\/product\/visin-ilva\/","title":{"rendered":"Vi\u0219in Ilva"},"content":{"rendered":"<table>\n<tbody>\n<tr>\n<td><b><i>Origine<\/i><\/b><\/td>\n<td><span style=\"font-weight: 400;\">Soi rom\u00e2nesc ob\u021binut la SCDP Bistri\u021ba \u0219i omologat \u00een anul 1982<\/span><\/td>\n<\/tr>\n<tr>\n<td><b><i>Pom<\/i><\/b><\/td>\n<td><span style=\"font-weight: 400;\">Pom de vigoare submijlocie, cu coroana semiglobuloas\u0103; fructific\u0103 predominant pe ramuri lungi<\/span><\/td>\n<\/tr>\n<tr>\n<td><b><i>Greutate<\/i><\/b><\/td>\n<td><span style=\"font-weight: 400;\">Aproximativ 5,8 g<\/span><\/td>\n<\/tr>\n<tr>\n<td><b><i>Fruct<\/i><\/b><\/td>\n<td><span style=\"font-weight: 400;\">Mijlociu spre mare, de culoare ro\u0219u-lucios, cu pulp\u0103 colorat\u0103 \u0219i suculent\u0103<\/span><\/td>\n<\/tr>\n<tr>\n<td><b><i>Forma<\/i><\/b><\/td>\n<td><span style=\"font-weight: 400;\">Sferic\u0103, regulat\u0103.<\/span><\/td>\n<\/tr>\n<tr>\n<td><b><i>Epicarp (coaj\u0103, pieli\u021b\u0103)<\/i><\/b><\/td>\n<td><span style=\"font-weight: 400;\">De culoare ro\u0219u-lucioas\u0103, relativ sub\u021bire \u0219i elastic\u0103.<\/span><\/td>\n<\/tr>\n<tr>\n<td><b><i>Productivitate<\/i><\/b><\/td>\n<td><span style=\"font-weight: 400;\">Soi productiv, cu fructificare regulat\u0103. Intr\u0103 relativ repede pe rod, \u00een jurul anului 3\u20134 de la plantare \u00een condi\u021bii favorabile<\/span><\/td>\n<\/tr>\n<tr>\n<td><b><i>Pulpa<\/i><\/b><\/td>\n<td><span style=\"font-weight: 400;\">Colorat\u0103, suculent\u0103, de consisten\u021b\u0103 medie; sucul este bine colorat.<\/span><\/td>\n<\/tr>\n<tr>\n<td><b><i>Gust<\/i><\/b><\/td>\n<td><span style=\"font-weight: 400;\">Pl\u0103cut, acidulat, dulce-acri\u0219or, r\u0103coritor.<\/span><\/td>\n<\/tr>\n<tr>\n<td><b><i>Epoca de maturare<\/i><\/b><\/td>\n<td><span style=\"font-weight: 400;\">Sf\u00e2r\u0219itul lunii iunie \u2013 \u00eenceputul lunii iulie, corespunz\u0103tor aproximativ decadei a II-a\u2013a III-a a lunii iunie \u0219i \u00eenceputului lunii iulie<\/span><\/td>\n<\/tr>\n<tr>\n<td><b><i>Polenizatori<\/i><\/b><\/td>\n<td><span style=\"font-weight: 400;\">Autofertil \u2013 poate fructifica f\u0103r\u0103 prezen\u021ba obligatorie a unui alt soi polenizator.<\/span><\/td>\n<\/tr>\n<tr>\n<td><b><i>Aprecieri generale<\/i><\/b><\/td>\n<td><span style=\"font-weight: 400;\">Are tendin\u021b\u0103 de degarnisire a ramurilor \u0219i necesit\u0103 t\u0103ieri periodice de scurtare \u0219i regenerare. Fructele sunt relativ mari, suculente \u0219i pl\u0103cute la gust, fiind potrivite at\u00e2t pentru consum \u00een stare proasp\u0103t\u0103, c\u00e2t \u0219i pentru prelucrare. Este sensibil la p\u0103tarea frunzelor produs\u0103 de <\/span><i><span style=\"font-weight: 400;\">Blumeriella jaapii<\/span><\/i><span style=\"font-weight: 400;\">, denumit\u0103 \u00een literatura mai veche <\/span><i><span style=\"font-weight: 400;\">Coccomyces hiemalis<\/span><\/i><span style=\"font-weight: 400;\"> \u0219i prezint\u0103 o toleran\u021b\u0103 relativ bun\u0103 fa\u021b\u0103 de monilioz\u0103<\/span><\/td>\n<\/tr>\n<\/tbody>\n<\/table>","protected":false},"excerpt":{"rendered":"<table>\n<tbody>\n<tr>\n<td><b><i>Origine<\/i><\/b><\/td>\n<td><span style=\"font-weight: 400;\">Soi rom\u00e2nesc ob\u021binut la SCDP Bistri\u021ba \u0219i omologat \u00een anul 1982<\/span><\/td>\n<\/tr>\n<tr>\n<td><b><i>Pom<\/i><\/b><\/td>\n<td><span style=\"font-weight: 400;\">Pom de vigoare submijlocie, cu coroana semiglobuloas\u0103; fructific\u0103 predominant pe ramuri lungi<\/span><\/td>\n<\/tr>\n<tr>\n<td><b><i>Greutate<\/i><\/b><\/td>\n<td><span style=\"font-weight: 400;\">Aproximativ 5,8 g<\/span><\/td>\n<\/tr>\n<tr>\n<td><b><i>Fruct<\/i><\/b><\/td>\n<td><span style=\"font-weight: 400;\">Mijlociu spre mare, de culoare ro\u0219u-lucios, cu pulp\u0103 colorat\u0103 \u0219i suculent\u0103<\/span><\/td>\n<\/tr>\n<tr>\n<td><b><i>Forma<\/i><\/b><\/td>\n<td><span style=\"font-weight: 400;\">Sferic\u0103, regulat\u0103.<\/span><\/td>\n<\/tr>\n<tr>\n<td><b><i>Epicarp (coaj\u0103, pieli\u021b\u0103)<\/i><\/b><\/td>\n<td><span style=\"font-weight: 400;\">De culoare ro\u0219u-lucioas\u0103, relativ sub\u021bire \u0219i elastic\u0103.<\/span><\/td>\n<\/tr>\n<tr>\n<td><b><i>Productivitate<\/i><\/b><\/td>\n<td><span style=\"font-weight: 400;\">Soi productiv, cu fructificare regulat\u0103. Intr\u0103 relativ repede pe rod, \u00een jurul anului 3\u20134 de la plantare \u00een condi\u021bii favorabile<\/span><\/td>\n<\/tr>\n<tr>\n<td><b><i>Pulpa<\/i><\/b><\/td>\n<td><span style=\"font-weight: 400;\">Colorat\u0103, suculent\u0103, de consisten\u021b\u0103 medie; sucul este bine colorat.<\/span><\/td>\n<\/tr>\n<tr>\n<td><b><i>Gust<\/i><\/b><\/td>\n<td><span style=\"font-weight: 400;\">Pl\u0103cut, acidulat, dulce-acri\u0219or, r\u0103coritor.<\/span><\/td>\n<\/tr>\n<tr>\n<td><b><i>Epoca de maturare<\/i><\/b><\/td>\n<td><span style=\"font-weight: 400;\">Sf\u00e2r\u0219itul lunii iunie \u2013 \u00eenceputul lunii iulie, corespunz\u0103tor aproximativ decadei a II-a\u2013a III-a a lunii iunie \u0219i \u00eenceputului lunii iulie<\/span><\/td>\n<\/tr>\n<tr>\n<td><b><i>Polenizatori<\/i><\/b><\/td>\n<td><span style=\"font-weight: 400;\">Autofertil \u2013 poate fructifica f\u0103r\u0103 prezen\u021ba obligatorie a unui alt soi polenizator.<\/span><\/td>\n<\/tr>\n<tr>\n<td><b><i>Aprecieri generale<\/i><\/b><\/td>\n<td><span style=\"font-weight: 400;\">Are tendin\u021b\u0103 de degarnisire a ramurilor \u0219i necesit\u0103 t\u0103ieri periodice de scurtare \u0219i regenerare. Fructele sunt relativ mari, suculente \u0219i pl\u0103cute la gust, fiind potrivite at\u00e2t pentru consum \u00een stare proasp\u0103t\u0103, c\u00e2t \u0219i pentru prelucrare. Este sensibil la p\u0103tarea frunzelor produs\u0103 de <\/span><i><span style=\"font-weight: 400;\">Blumeriella jaapii<\/span><\/i><span style=\"font-weight: 400;\">, denumit\u0103 \u00een literatura mai veche <\/span><i><span style=\"font-weight: 400;\">Coccomyces hiemalis<\/span><\/i><span style=\"font-weight: 400;\"> \u0219i prezint\u0103 o toleran\u021b\u0103 relativ bun\u0103 fa\u021b\u0103 de monilioz\u0103<\/span><\/td>\n<\/tr>\n<\/tbody>\n<\/table>","protected":false},"featured_media":8000,"comment_status":"open","ping_status":"closed","template":"","meta":[],"product_brand":[],"product_cat":[72,80],"product_tag":[],"class_list":["post-7999","product","type-product","status-publish","has-post-thumbnail","product_cat-1_pomifructiferi","product_cat-visin","first","instock","shipping-taxable","purchasable","product-type-simple"],"jetpack_sharing_enabled":true,"_links":{"self":[{"href":"https:\/\/scdpbaneasa.ro\/en\/wp-json\/wp\/v2\/product\/7999","targetHints":{"allow":["GET"]}}],"collection":[{"href":"https:\/\/scdpbaneasa.ro\/en\/wp-json\/wp\/v2\/product"}],"about":[{"href":"https:\/\/scdpbaneasa.ro\/en\/wp-json\/wp\/v2\/types\/product"}],"replies":[{"embeddable":true,"href":"https:\/\/scdpbaneasa.ro\/en\/wp-json\/wp\/v2\/comments?post=7999"}],"wp:featuredmedia":[{"embeddable":true,"href":"https:\/\/scdpbaneasa.ro\/en\/wp-json\/wp\/v2\/media\/8000"}],"wp:attachment":[{"href":"https:\/\/scdpbaneasa.ro\/en\/wp-json\/wp\/v2\/media?parent=7999"}],"wp:term":[{"taxonomy":"product_brand","embeddable":true,"href":"https:\/\/scdpbaneasa.ro\/en\/wp-json\/wp\/v2\/product_brand?post=7999"},{"taxonomy":"product_cat","embeddable":true,"href":"https:\/\/scdpbaneasa.ro\/en\/wp-json\/wp\/v2\/product_cat?post=7999"},{"taxonomy":"product_tag","embeddable":true,"href":"https:\/\/scdpbaneasa.ro\/en\/wp-json\/wp\/v2\/product_tag?post=7999"}],"curies":[{"name":"wp","href":"https:\/\/api.w.org\/{rel}","templated":true}]}}